{"id":3979,"date":"2025-10-06T18:05:30","date_gmt":"2025-10-06T18:05:30","guid":{"rendered":"https:\/\/www.caniem.org\/catalogo-venta-derechos\/?post_type=product&#038;p=3979"},"modified":"2025-10-06T18:06:34","modified_gmt":"2025-10-06T18:06:34","slug":"el-hombre-en-el-jardin","status":"publish","type":"product","link":"https:\/\/www.caniem.org\/catalogo-venta-derechos\/product\/el-hombre-en-el-jardin\/","title":{"rendered":"El hombre en el jard\u00edn"},"content":{"rendered":"<p>.<\/p>\n","protected":false},"excerpt":{"rendered":"<table class=\"woocommerce-product-attributes shop_attributes\">\n<tbody>\n<tr class=\"woocommerce-product-attributes-item woocommerce-product-attributes-item--attribute_pa_autor\">\n<th class=\"woocommerce-product-attributes-item__label\">T\u00edtulo<\/th>\n<td class=\"woocommerce-product-attributes-item__value\">El hombre en el jard\u00edn<\/td>\n<\/tr>\n<tr class=\"woocommerce-product-attributes-item woocommerce-product-attributes-item--attribute_pa_autor\">\n<th class=\"woocommerce-product-attributes-item__label\">Autor<\/th>\n<td class=\"woocommerce-product-attributes-item__value\">Gilma Luque<\/td>\n<\/tr>\n<tr class=\"woocommerce-product-attributes-item woocommerce-product-attributes-item--attribute_pa_editorial\">\n<th class=\"woocommerce-product-attributes-item__label\">Editorial<\/th>\n<td class=\"woocommerce-product-attributes-item__value\">Hachette M\u00e9xico<\/td>\n<\/tr>\n<tr class=\"woocommerce-product-attributes-item woocommerce-product-attributes-item--attribute_pa_sello-editorial\">\n<th class=\"woocommerce-product-attributes-item__label\">Sello editorial<\/th>\n<td class=\"woocommerce-product-attributes-item__value\">Hachette M\u00e9xico<\/td>\n<\/tr>\n<tr class=\"woocommerce-product-attributes-item woocommerce-product-attributes-item--attribute_pa_isbn\">\n<th class=\"woocommerce-product-attributes-item__label\">ISBN<\/th>\n<td class=\"woocommerce-product-attributes-item__value\">9786075748665<\/td>\n<\/tr>\n<tr class=\"woocommerce-product-attributes-item woocommerce-product-attributes-item--attribute_pa_numero-de-edicion\">\n<th class=\"woocommerce-product-attributes-item__label\">N\u00famero de edici\u00f3n<\/th>\n<td class=\"woocommerce-product-attributes-item__value\"><span data-sheets-root=\"1\">1<\/span><\/td>\n<\/tr>\n<tr class=\"woocommerce-product-attributes-item woocommerce-product-attributes-item--attribute_pa_ano-de-publicacion\">\n<th class=\"woocommerce-product-attributes-item__label\">A\u00f1o de publicaci\u00f3n<\/th>\n<td class=\"woocommerce-product-attributes-item__value\">2025<\/td>\n<\/tr>\n<tr class=\"woocommerce-product-attributes-item woocommerce-product-attributes-item--attribute_pa_num-paginas\">\n<th class=\"woocommerce-product-attributes-item__label\">N\u00fam. P\u00e1ginas<\/th>\n<td class=\"woocommerce-product-attributes-item__value\">280<\/td>\n<\/tr>\n<tr class=\"woocommerce-product-attributes-item woocommerce-product-attributes-item--attribute_pa_formato\">\n<th class=\"woocommerce-product-attributes-item__label\">Formato<\/th>\n<td class=\"woocommerce-product-attributes-item__value\">Impreso y digital<\/td>\n<\/tr>\n<tr class=\"woocommerce-product-attributes-item woocommerce-product-attributes-item--attribute_pa_thema\">\n<th class=\"woocommerce-product-attributes-item__label\">Tem\u00e1tica (THEMA) en espa\u00f1ol<\/th>\n<td class=\"woocommerce-product-attributes-item__value\">Novelas sobre la vida familiar \/ Historias sobre la familia<\/td>\n<\/tr>\n<tr class=\"woocommerce-product-attributes-item woocommerce-product-attributes-item--attribute_pa_nombre-del-contacto\">\n<th class=\"woocommerce-product-attributes-item__label\">Sinopsis en espa\u00f1ol<\/th>\n<td class=\"woocommerce-product-attributes-item__value\" style=\"text-align: justify;\">El hombre en el jard\u00edn es una novela \u00edntima y profunda que narra la crisis emocional de In\u00e9s, una mujer atrapada en un matrimonio desgastado por la incomunicaci\u00f3n. En un giro ins\u00f3lito, su esposo se muda al jard\u00edn de la casa, creando una separaci\u00f3n f\u00edsica y simb\u00f3lica que transforma su hogar en un campo de conflicto. Mientras el barrio se desmorona por la especulaci\u00f3n inmobiliaria, In\u00e9s se sumerge en su memoria, reviviendo momentos de abandono y ternura en su infancia. Es una historia de desarraigo, p\u00e9rdida y amor, donde la intimidad se convierte en resistencia. Una obra po\u00e9tica y poderosa sobre c\u00f3mo lo cotidiano se deshace, dejando solo el eco del amor y el silencio.<\/td>\n<\/tr>\n<tr class=\"woocommerce-product-attributes-item woocommerce-product-attributes-item--attribute_pa_nombre-del-contacto\">\n<th class=\"woocommerce-product-attributes-item__label\">Nombre del contacto de venta de derechos<\/th>\n<td class=\"woocommerce-product-attributes-item__value\">Jorge Ram\u00edrez Ch\u00e1vez \/ Sarah\u00ed Soto<\/td>\n<\/tr>\n<tr class=\"woocommerce-product-attributes-item woocommerce-product-attributes-item--attribute_pa_nombre-del-contacto\">\n<th class=\"woocommerce-product-attributes-item__label\">Correo electr\u00f3nico del contacto<\/th>\n<td class=\"woocommerce-product-attributes-item__value\">pjramirez@hlm.mx; ssoto@hlm.mx<\/td>\n<\/tr>\n<\/tbody>\n<\/table>\n","protected":false},"featured_media":3980,"template":"","meta":{"_coblocks_attr":"","_coblocks_dimensions":"","_coblocks_responsive_height":"","_coblocks_accordion_ie_support":""},"product_cat":[100],"product_tag":[],"_links":{"self":[{"href":"https:\/\/www.caniem.org\/catalogo-venta-derechos\/wp-json\/wp\/v2\/product\/3979"}],"collection":[{"href":"https:\/\/www.caniem.org\/catalogo-venta-derechos\/wp-json\/wp\/v2\/product"}],"about":[{"href":"https:\/\/www.caniem.org\/catalogo-venta-derechos\/wp-json\/wp\/v2\/types\/product"}],"version-history":[{"count":1,"href":"https:\/\/www.caniem.org\/catalogo-venta-derechos\/wp-json\/wp\/v2\/product\/3979\/revisions"}],"predecessor-version":[{"id":3981,"href":"https:\/\/www.caniem.org\/catalogo-venta-derechos\/wp-json\/wp\/v2\/product\/3979\/revisions\/3981"}],"wp:featuredmedia":[{"embeddable":true,"href":"https:\/\/www.caniem.org\/catalogo-venta-derechos\/wp-json\/wp\/v2\/media\/3980"}],"wp:attachment":[{"href":"https:\/\/www.caniem.org\/catalogo-venta-derechos\/wp-json\/wp\/v2\/media?parent=3979"}],"wp:term":[{"taxonomy":"product_cat","embeddable":true,"href":"https:\/\/www.caniem.org\/catalogo-venta-derechos\/wp-json\/wp\/v2\/product_cat?post=3979"},{"taxonomy":"product_tag","embeddable":true,"href":"https:\/\/www.caniem.org\/catalogo-venta-derechos\/wp-json\/wp\/v2\/product_tag?post=3979"}],"curies":[{"name":"wp","href":"https:\/\/api.w.org\/{rel}","templated":true}]}}