{"id":3964,"date":"2025-10-06T17:55:34","date_gmt":"2025-10-06T17:55:34","guid":{"rendered":"https:\/\/www.caniem.org\/catalogo-venta-derechos\/?post_type=product&#038;p=3964"},"modified":"2025-10-06T17:56:24","modified_gmt":"2025-10-06T17:56:24","slug":"nosotras","status":"publish","type":"product","link":"https:\/\/www.caniem.org\/catalogo-venta-derechos\/product\/nosotras\/","title":{"rendered":"Nosotras"},"content":{"rendered":"<p>.<\/p>\n","protected":false},"excerpt":{"rendered":"<table class=\"woocommerce-product-attributes shop_attributes\">\n<tbody>\n<tr class=\"woocommerce-product-attributes-item woocommerce-product-attributes-item--attribute_pa_autor\">\n<th class=\"woocommerce-product-attributes-item__label\">T\u00edtulo<\/th>\n<td class=\"woocommerce-product-attributes-item__value\">Nosotras<\/td>\n<\/tr>\n<tr class=\"woocommerce-product-attributes-item woocommerce-product-attributes-item--attribute_pa_autor\">\n<th class=\"woocommerce-product-attributes-item__label\">Autor<\/th>\n<td class=\"woocommerce-product-attributes-item__value\">Suzette Celaya<\/td>\n<\/tr>\n<tr class=\"woocommerce-product-attributes-item woocommerce-product-attributes-item--attribute_pa_editorial\">\n<th class=\"woocommerce-product-attributes-item__label\">Editorial<\/th>\n<td class=\"woocommerce-product-attributes-item__value\">Hachette M\u00e9xico<\/td>\n<\/tr>\n<tr class=\"woocommerce-product-attributes-item woocommerce-product-attributes-item--attribute_pa_sello-editorial\">\n<th class=\"woocommerce-product-attributes-item__label\">Sello editorial<\/th>\n<td class=\"woocommerce-product-attributes-item__value\">Hachette M\u00e9xico<\/td>\n<\/tr>\n<tr class=\"woocommerce-product-attributes-item woocommerce-product-attributes-item--attribute_pa_isbn\">\n<th class=\"woocommerce-product-attributes-item__label\">ISBN<\/th>\n<td class=\"woocommerce-product-attributes-item__value\">9786075743974<\/td>\n<\/tr>\n<tr class=\"woocommerce-product-attributes-item woocommerce-product-attributes-item--attribute_pa_numero-de-edicion\">\n<th class=\"woocommerce-product-attributes-item__label\">N\u00famero de edici\u00f3n<\/th>\n<td class=\"woocommerce-product-attributes-item__value\"><span data-sheets-root=\"1\">1<\/span><\/td>\n<\/tr>\n<tr class=\"woocommerce-product-attributes-item woocommerce-product-attributes-item--attribute_pa_ano-de-publicacion\">\n<th class=\"woocommerce-product-attributes-item__label\">A\u00f1o de publicaci\u00f3n<\/th>\n<td class=\"woocommerce-product-attributes-item__value\">2024<\/td>\n<\/tr>\n<tr class=\"woocommerce-product-attributes-item woocommerce-product-attributes-item--attribute_pa_num-paginas\">\n<th class=\"woocommerce-product-attributes-item__label\">N\u00fam. P\u00e1ginas<\/th>\n<td class=\"woocommerce-product-attributes-item__value\">224<\/td>\n<\/tr>\n<tr class=\"woocommerce-product-attributes-item woocommerce-product-attributes-item--attribute_pa_formato\">\n<th class=\"woocommerce-product-attributes-item__label\">Formato<\/th>\n<td class=\"woocommerce-product-attributes-item__value\">Impreso y digital<\/td>\n<\/tr>\n<tr class=\"woocommerce-product-attributes-item woocommerce-product-attributes-item--attribute_pa_thema\">\n<th class=\"woocommerce-product-attributes-item__label\">Tem\u00e1tica (THEMA) en espa\u00f1ol<\/th>\n<td class=\"woocommerce-product-attributes-item__value\">Ficci\u00f3n: literaria y general<\/td>\n<\/tr>\n<tr class=\"woocommerce-product-attributes-item woocommerce-product-attributes-item--attribute_pa_nombre-del-contacto\">\n<th class=\"woocommerce-product-attributes-item__label\">Sinopsis en espa\u00f1ol<\/th>\n<td class=\"woocommerce-product-attributes-item__value\" style=\"text-align: justify;\">A finales de los a\u00f1os 60, un pueblo rural es condenado a desaparecer por la construcci\u00f3n de una presa, forzando a sus habitantes a abandonar todo, incluso a sus muertos. Sin embargo, Violeta se niega a irse. Con un espejo y un machete, se convierte en la voz que resiste, recorriendo calles vac\u00edas y cementerios, mientras la memoria y la identidad de su comunidad se desvanecen bajo el agua. En esta novela, Suzette Celaya Aguilar fusiona poes\u00eda y cruda realidad, creando una historia sobre la resistencia femenina y la defensa de las ra\u00edces frente a la deshumanizaci\u00f3n del progreso.<\/td>\n<\/tr>\n<tr class=\"woocommerce-product-attributes-item woocommerce-product-attributes-item--attribute_pa_nombre-del-contacto\">\n<th class=\"woocommerce-product-attributes-item__label\">Nombre del contacto de venta de derechos<\/th>\n<td class=\"woocommerce-product-attributes-item__value\">Jorge Ram\u00edrez Ch\u00e1vez \/ Sarah\u00ed Soto<\/td>\n<\/tr>\n<tr class=\"woocommerce-product-attributes-item woocommerce-product-attributes-item--attribute_pa_nombre-del-contacto\">\n<th class=\"woocommerce-product-attributes-item__label\">Correo electr\u00f3nico del contacto<\/th>\n<td class=\"woocommerce-product-attributes-item__value\">pjramirez@hlm.mx; ssoto@hlm.mx<\/td>\n<\/tr>\n<\/tbody>\n<\/table>\n","protected":false},"featured_media":3965,"template":"","meta":{"_coblocks_attr":"","_coblocks_dimensions":"","_coblocks_responsive_height":"","_coblocks_accordion_ie_support":""},"product_cat":[100],"product_tag":[],"_links":{"self":[{"href":"https:\/\/www.caniem.org\/catalogo-venta-derechos\/wp-json\/wp\/v2\/product\/3964"}],"collection":[{"href":"https:\/\/www.caniem.org\/catalogo-venta-derechos\/wp-json\/wp\/v2\/product"}],"about":[{"href":"https:\/\/www.caniem.org\/catalogo-venta-derechos\/wp-json\/wp\/v2\/types\/product"}],"version-history":[{"count":1,"href":"https:\/\/www.caniem.org\/catalogo-venta-derechos\/wp-json\/wp\/v2\/product\/3964\/revisions"}],"predecessor-version":[{"id":3966,"href":"https:\/\/www.caniem.org\/catalogo-venta-derechos\/wp-json\/wp\/v2\/product\/3964\/revisions\/3966"}],"wp:featuredmedia":[{"embeddable":true,"href":"https:\/\/www.caniem.org\/catalogo-venta-derechos\/wp-json\/wp\/v2\/media\/3965"}],"wp:attachment":[{"href":"https:\/\/www.caniem.org\/catalogo-venta-derechos\/wp-json\/wp\/v2\/media?parent=3964"}],"wp:term":[{"taxonomy":"product_cat","embeddable":true,"href":"https:\/\/www.caniem.org\/catalogo-venta-derechos\/wp-json\/wp\/v2\/product_cat?post=3964"},{"taxonomy":"product_tag","embeddable":true,"href":"https:\/\/www.caniem.org\/catalogo-venta-derechos\/wp-json\/wp\/v2\/product_tag?post=3964"}],"curies":[{"name":"wp","href":"https:\/\/api.w.org\/{rel}","templated":true}]}}